{"id":6001,"date":"2021-10-15T16:43:55","date_gmt":"2021-10-15T16:43:55","guid":{"rendered":"https:\/\/soundearthlegacy.org\/?page_id=6001"},"modified":"2021-10-15T16:48:02","modified_gmt":"2021-10-15T16:48:02","slug":"los-jardines-de-bruselas","status":"publish","type":"page","link":"https:\/\/soundearthlegacy.org\/es\/los-jardines-de-bruselas\/","title":{"rendered":"LOS JARDINES DE BRUSELAS"},"content":{"rendered":"\t\t<div data-elementor-type=\"wp-page\" data-elementor-id=\"6001\" class=\"elementor elementor-6001\" data-elementor-post-type=\"page\">\n\t\t\t\t\t\t<section class=\"elementor-section elementor-top-section elementor-element elementor-element-241bbec elementor-section-full_width elementor-section-height-min-height elementor-section-height-default elementor-section-items-middle\" data-id=\"241bbec\" data-element_type=\"section\">\n\t\t\t\t\t\t\t<div class=\"elementor-background-overlay\"><\/div>\n\t\t\t\t\t\t\t<div class=\"elementor-container elementor-column-gap-default\">\n\t\t\t\t\t<div class=\"elementor-column elementor-col-50 elementor-top-column elementor-element elementor-element-8357eb5\" data-id=\"8357eb5\" data-element_type=\"column\" data-settings=\"{&quot;background_background&quot;:&quot;classic&quot;,&quot;background_motion_fx_motion_fx_scrolling&quot;:&quot;yes&quot;,&quot;background_motion_fx_translateY_effect&quot;:&quot;yes&quot;,&quot;background_motion_fx_translateY_speed&quot;:{&quot;unit&quot;:&quot;px&quot;,&quot;size&quot;:&quot;2.5&quot;,&quot;sizes&quot;:[]},&quot;background_motion_fx_translateY_affectedRange&quot;:{&quot;unit&quot;:&quot;%&quot;,&quot;size&quot;:&quot;&quot;,&quot;sizes&quot;:{&quot;start&quot;:0,&quot;end&quot;:100}},&quot;background_motion_fx_devices&quot;:[&quot;desktop&quot;,&quot;tablet&quot;,&quot;mobile&quot;]}\">\n\t\t\t<div class=\"elementor-widget-wrap elementor-element-populated\">\n\t\t\t\t\t<div class=\"elementor-background-overlay\"><\/div>\n\t\t\t\t\t\t<div class=\"elementor-element elementor-element-7485cfa elementor-widget elementor-widget-spacer\" data-id=\"7485cfa\" data-element_type=\"widget\" data-widget_type=\"spacer.default\">\n\t\t\t\t<div class=\"elementor-widget-container\">\n\t\t\t\t\t<div class=\"elementor-spacer\">\n\t\t\t<div class=\"elementor-spacer-inner\"><\/div>\n\t\t<\/div>\n\t\t\t\t<\/div>\n\t\t\t\t<\/div>\n\t\t\t\t<div class=\"elementor-element elementor-element-2bef59e elementor-widget elementor-widget-heading\" data-id=\"2bef59e\" data-element_type=\"widget\" data-widget_type=\"heading.default\">\n\t\t\t\t<div class=\"elementor-widget-container\">\n\t\t\t<h2 class=\"elementor-heading-title elementor-size-default\">LOS JARDINES DE BRUSELAS <\/h2>\t\t<\/div>\n\t\t\t\t<\/div>\n\t\t\t\t<div class=\"elementor-element elementor-element-5f70d3d elementor-widget elementor-widget-heading\" data-id=\"5f70d3d\" data-element_type=\"widget\" data-widget_type=\"heading.default\">\n\t\t\t\t<div class=\"elementor-widget-container\">\n\t\t\t<h2 class=\"elementor-heading-title elementor-size-default\">\"Los sonidos de la naturaleza siempre inspiraron mi m\u00fasica. Pero si hay un sonido que realmente me inspir\u00f3, ese es el sonido del agua. (...) Siento que los sonidos de la naturaleza me ayudan a dar un contexto agradable a mi m\u00fasica y ayudan al oyente a viajar mejor al lugar donde quiero que viajen \".<\/h2>\t\t<\/div>\n\t\t\t\t<\/div>\n\t\t\t\t<div class=\"elementor-element elementor-element-12b5b1c elementor-widget elementor-widget-music-player\" data-id=\"12b5b1c\" data-element_type=\"widget\" data-widget_type=\"music-player.default\">\n\t\t\t\t<div class=\"elementor-widget-container\">\n\t\t\t<article id=\"arbitrary-instance-69f5b5f47edb2\" class=\"iron_widget_radio\"><div class=\"iron-audioplayer  playlist_has_no_ctas skin_floated\" id=\"arbitrary-instance-69f5b5f47edb2-4a737e89de\" data-id=\"arbitrary-instance-69f5b5f47edb2\" data-track-sw-cursor=\"\" data-lazyload=\"\" data-albums=\"6001\" data-category=\"\" data-url-playlist=\"https:\/\/soundearthlegacy.org\/es\/?load=playlist.json&#038;title=&#038;albums=6001&#038;category=&#038;posts_not_in=&#038;category_not_in=&#038;author=&#038;feed_title=&#038;feed=1&#038;feed_img=&#038;el_widget_id=12b5b1c&#038;artwork=&#038;posts_per_pages=-1&#038;all_category=&#038;single_playlist=&#038;reverse_tracklist=&#038;audio_meta_field=&#038;repeater_meta_field=&#038;import_file=&#038;rss_items=-1&#038;rss_item_title=&#038;is_favorite=&#038;is_recentlyplayed=&#038;srp_order=date_DESC\" data-sticky-player=\"\" data-shuffle=\"false\" data-playlist_title=\"TEST\" data-scrollbar=\"\" data-wave-color=\"\" data-wave-progress-color=\"\" data-spectro=\"\" data-no-wave=\"\" data-hide-progressbar=\"\" data-progress-bar-style=\"\"data-feedurl=\"1\" data-notrackskip=\"\" data-no-loop-tracklist=\"\" data-playertemplate =\"skin_float_tracklist\" data-hide-artwork =\"\" data-speedrate=\"1\"  data-tracks-per-page=\"\" data-pagination_scroll_offset=\"\" data-adaptive-colors=\"\" data-adaptive-colors-freeze=\"\" style=\"opacity:0;\"><div class=\"sonaar-grid\" ><div class=\"sonaar-Artwort-box \">\n                <div class=\"control\">\n                    \n                <\/div>\n                <div class=\"album\">\n                    <div class=\"album-art\">\n                        <img alt=\"album-art\">\n                    <\/div>\n                <\/div>\n                <\/div><div class=\"playlist sr_waveform_mediaElement\"  id=\"playlist_arbitrary-instance-69f5b5f47edb2\"><h3 class=\"sr_it-playlist-title\">TEST<\/h3><div class=\"srp_subtitle\"><\/div><div class=\"srp_tracklist\"><ul class=\"srp_list\"><li \n            class=\"sr-playlist-item\" \n            data-audiopath=\"https:\/\/soundearthlegacy.org\/wp-content\/uploads\/2021\/10\/Los-Jardines-de-Bruselas-Mirando-al-Mar-_Mastered_-30_-version.mp3\"\n            data-showloading=\"1\"\n            data-albumTitle=\"\"\n            data-albumArt=\"\"\n            data-releasedate=\"\"\n            data-date=\"\"\n            data-date-formated=\"\"\n            data-show-date=\"\"\n            data-trackTitle=\"Mirando al mar\"\n            data-artist=\"\"\n            data-trackID=\"5920\"\n            data-trackTime=\"0:37\"\n            data-relatedTrack=\"\"\n            data-post-url=\"\"\n            data-post-id=\"\"\n            data-track-pos=\"0\"\n            data-peakFile=\"https:\/\/soundearthlegacy.org\/wp-content\/uploads\/audio_peaks\/5920.peak\"\n            data-peakFile-allow=\"name\"\n            data-is-preview=\"\"\n            data-track-lyric=\"\"><div class=\"sr-playlist-item-flex\"><span class=\"store-list\"><\/span><\/div><div class=\"srp_track_description\"><\/div><\/li><\/ul><\/div><\/div><\/div><div class=\"album-player sr_waveform_mediaElement\"><div class=\"srp_miniplayer_metas\"><div class=\" srp_meta srp_meta_0 track-title\" data-prefix=\"\" aria-label=\"Track title\"><\/div><div class=\" srp_meta srp_meta_1 album-title\" data-prefix=\"\" aria-label=\"Title\"><\/div><\/div> <div class=\"player \" ><div class=\"sr_progressbar\">\n                \n            <div class=\"currentTime\">00:00<\/div>\n         \n                <div id=\"arbitrary-instance-69f5b5f47edb2-c90330e9be-wave\" class=\"wave\" >\n                 \n        <div class=\"sonaar_fake_wave\" style=\"height:70px\"> \n            <audio src=\"\" class=\"sonaar_media_element\"><\/audio> \n            <div class=\"sonaar_wave_base\"> \n                <canvas id=\"sonaar_wave_base_canvas\" class=\"\" height=\"70\" width=\"2540\"><\/canvas> \n                <svg><\/svg> \n            <\/div> \n            <div class=\"sonaar_wave_cut\"> \n                <canvas id=\"sonaar_wave_cut_canvas\" class=\"\" height=\"70\" width=\"2540\"><\/canvas> \n                <svg><\/svg> \n            <\/div> \n        <\/div> \n                <\/div>\n                \n            <div class=\"totalTime\"><\/div>\n         \n             <\/div><div class=\"srp_main_control srp_oneColumn\"><div class=\"control\"><div class=\"play\" style=\"opacity:0;\" aria-label=\"Play\" title=\"\">\n                <i class=\"sricon-play\"><\/i>\n            <\/div><\/div><div class=\"control\"><\/div><\/div><\/div><\/div><div class=\"album-store\"><\/div><\/div><script id=\"srp_js_params_69f5b5f47edb2\">\n        var srp_player_params_69f5b5f47edb2 = {\"title\":\"\",\"store_title_text\":\"\",\"albums\":\"6001\",\"hide_artwork\":\"false\",\"sticky_player\":\"\",\"show_album_market\":\"false\",\"show_track_market\":\"true\",\"hide_timeline\":\"false\",\"elementor\":\"true\",\"tracks_per_page\":\"\",\"titletag_soundwave\":\"div\",\"titletag_playlist\":\"h3\",\"show_control_on_hover\":\"false\",\"show_playlist\":\"false\",\"reverse_tracklist\":\"\",\"wave_color\":\"\",\"wave_progress_color\":\"\",\"spectro\":\"\",\"shuffle\":\"\",\"searchbar\":\"\",\"searchbar_placeholder\":\"\",\"player_layout\":\"skin_float_tracklist\",\"playlist_title\":\"TEST\",\"feed\":\"1\",\"el_widget_id\":\"12b5b1c\",\"artwork\":\"\",\"orderby\":\"date\",\"order\":\"DESC\",\"use_play_label_with_icon\":\"false\",\"main_settings\":\"||\"} \n        var srp_player_params_args_69f5b5f47edb2 = {\"before_widget\":\"<article id=\\\"arbitrary-instance-69f5b5f47edb2\\\" class=\\\"iron_widget_radio\\\">\",\"after_widget\":\"<\\\/article>\",\"before_title\":\"<span class='heading-t3'><\\\/span><h3 class=\\\"widgettitle\\\">\",\"after_title\":\"<\\\/h3>\",\"widget_id\":\"arbitrary-instance-69f5b5f47edb2\"}  \n        <\/script><script>if(typeof setIronAudioplayers !== \"undefined\"){ setIronAudioplayers(\"arbitrary-instance-69f5b5f47edb2\"); }<\/script><\/article>\t\t<\/div>\n\t\t\t\t<\/div>\n\t\t\t\t<div class=\"elementor-element elementor-element-4c444ef elementor-align-center elementor-widget elementor-widget-button\" data-id=\"4c444ef\" data-element_type=\"widget\" data-widget_type=\"button.default\">\n\t\t\t\t<div class=\"elementor-widget-container\">\n\t\t\t\t\t<div class=\"elementor-button-wrapper\">\n\t\t\t<a class=\"elementor-button elementor-button-link elementor-size-md\" href=\"https:\/\/soundearthlegacy.org\/producto\/los-jardines-de-bruselas-mirando-al-mar\">\n\t\t\t\t\t\t<span class=\"elementor-button-content-wrapper\">\n\t\t\t\t\t\t\t\t\t<span class=\"elementor-button-text\">DONA 8\u20ac<\/span>\n\t\t\t\t\t<\/span>\n\t\t\t\t\t<\/a>\n\t\t<\/div>\n\t\t\t\t<\/div>\n\t\t\t\t<\/div>\n\t\t\t\t\t<\/div>\n\t\t<\/div>\n\t\t\t\t<div class=\"elementor-column elementor-col-50 elementor-top-column elementor-element elementor-element-4a61e2f\" data-id=\"4a61e2f\" data-element_type=\"column\" data-settings=\"{&quot;background_background&quot;:&quot;classic&quot;,&quot;background_motion_fx_motion_fx_scrolling&quot;:&quot;yes&quot;,&quot;background_motion_fx_translateY_effect&quot;:&quot;yes&quot;,&quot;background_motion_fx_translateY_speed&quot;:{&quot;unit&quot;:&quot;px&quot;,&quot;size&quot;:&quot;2.5&quot;,&quot;sizes&quot;:[]},&quot;background_motion_fx_translateY_affectedRange&quot;:{&quot;unit&quot;:&quot;%&quot;,&quot;size&quot;:&quot;&quot;,&quot;sizes&quot;:{&quot;start&quot;:0,&quot;end&quot;:100}},&quot;background_motion_fx_devices&quot;:[&quot;desktop&quot;,&quot;tablet&quot;,&quot;mobile&quot;]}\">\n\t\t\t<div class=\"elementor-widget-wrap elementor-element-populated\">\n\t\t\t\t\t\t<div class=\"elementor-element elementor-element-2f34099 elementor-widget elementor-widget-spacer\" data-id=\"2f34099\" data-element_type=\"widget\" data-widget_type=\"spacer.default\">\n\t\t\t\t<div class=\"elementor-widget-container\">\n\t\t\t\t\t<div class=\"elementor-spacer\">\n\t\t\t<div class=\"elementor-spacer-inner\"><\/div>\n\t\t<\/div>\n\t\t\t\t<\/div>\n\t\t\t\t<\/div>\n\t\t\t\t<div class=\"elementor-element elementor-element-75e88a2 elementor-widget elementor-widget-spacer\" data-id=\"75e88a2\" data-element_type=\"widget\" data-widget_type=\"spacer.default\">\n\t\t\t\t<div class=\"elementor-widget-container\">\n\t\t\t\t\t<div class=\"elementor-spacer\">\n\t\t\t<div class=\"elementor-spacer-inner\"><\/div>\n\t\t<\/div>\n\t\t\t\t<\/div>\n\t\t\t\t<\/div>\n\t\t\t\t<div class=\"elementor-element elementor-element-416fe03 elementor-widget elementor-widget-spacer\" data-id=\"416fe03\" data-element_type=\"widget\" data-widget_type=\"spacer.default\">\n\t\t\t\t<div class=\"elementor-widget-container\">\n\t\t\t\t\t<div class=\"elementor-spacer\">\n\t\t\t<div class=\"elementor-spacer-inner\"><\/div>\n\t\t<\/div>\n\t\t\t\t<\/div>\n\t\t\t\t<\/div>\n\t\t\t\t\t<\/div>\n\t\t<\/div>\n\t\t\t\t\t<\/div>\n\t\t<\/section>\n\t\t\t\t<section class=\"elementor-section elementor-top-section elementor-element elementor-element-7cc7013 elementor-section-full_width elementor-section-height-default elementor-section-height-default\" data-id=\"7cc7013\" data-element_type=\"section\" data-settings=\"{&quot;background_background&quot;:&quot;gradient&quot;}\">\n\t\t\t\t\t\t\t<div class=\"elementor-background-overlay\"><\/div>\n\t\t\t\t\t\t\t<div class=\"elementor-container elementor-column-gap-default\">\n\t\t\t\t\t<div class=\"elementor-column elementor-col-50 elementor-top-column elementor-element elementor-element-eeba525\" data-id=\"eeba525\" data-element_type=\"column\">\n\t\t\t<div class=\"elementor-widget-wrap elementor-element-populated\">\n\t\t\t\t\t\t<div class=\"elementor-element elementor-element-7526533 elementor-widget elementor-widget-image\" data-id=\"7526533\" data-element_type=\"widget\" data-widget_type=\"image.default\">\n\t\t\t\t<div class=\"elementor-widget-container\">\n\t\t\t\t\t\t\t\t\t\t\t\t\t<img fetchpriority=\"high\" decoding=\"async\" width=\"800\" height=\"533\" src=\"https:\/\/soundearthlegacy.org\/wp-content\/uploads\/2021\/10\/Los-Jardines-de-Bruselas-Hi-02-scaled-1-1024x682.jpg\" class=\"attachment-large size-large wp-image-5934\" alt=\"\" srcset=\"https:\/\/soundearthlegacy.org\/wp-content\/uploads\/2021\/10\/Los-Jardines-de-Bruselas-Hi-02-scaled-1-1024x682.jpg 1024w, https:\/\/soundearthlegacy.org\/wp-content\/uploads\/2021\/10\/Los-Jardines-de-Bruselas-Hi-02-scaled-1-300x200.jpg 300w, https:\/\/soundearthlegacy.org\/wp-content\/uploads\/2021\/10\/Los-Jardines-de-Bruselas-Hi-02-scaled-1-768x512.jpg 768w, https:\/\/soundearthlegacy.org\/wp-content\/uploads\/2021\/10\/Los-Jardines-de-Bruselas-Hi-02-scaled-1-1536x1024.jpg 1536w, https:\/\/soundearthlegacy.org\/wp-content\/uploads\/2021\/10\/Los-Jardines-de-Bruselas-Hi-02-scaled-1-2048x1365.jpg 2048w, https:\/\/soundearthlegacy.org\/wp-content\/uploads\/2021\/10\/Los-Jardines-de-Bruselas-Hi-02-scaled-1-600x400.jpg 600w\" sizes=\"(max-width: 800px) 100vw, 800px\" \/>\t\t\t\t\t\t\t\t\t\t\t\t\t<\/div>\n\t\t\t\t<\/div>\n\t\t\t\t<div class=\"elementor-element elementor-element-545e2fc elementor-widget elementor-widget-spacer\" data-id=\"545e2fc\" data-element_type=\"widget\" data-widget_type=\"spacer.default\">\n\t\t\t\t<div class=\"elementor-widget-container\">\n\t\t\t\t\t<div class=\"elementor-spacer\">\n\t\t\t<div class=\"elementor-spacer-inner\"><\/div>\n\t\t<\/div>\n\t\t\t\t<\/div>\n\t\t\t\t<\/div>\n\t\t\t\t<div class=\"elementor-element elementor-element-f2c6661 elementor-widget elementor-widget-heading\" data-id=\"f2c6661\" data-element_type=\"widget\" data-widget_type=\"heading.default\">\n\t\t\t\t<div class=\"elementor-widget-container\">\n\t\t\t<h4 class=\"elementor-heading-title elementor-size-default\">LOS JARDINES DE BRUSELAS<\/h4>\t\t<\/div>\n\t\t\t\t<\/div>\n\t\t\t\t<div class=\"elementor-element elementor-element-816c1c1 elementor-shape-rounded elementor-grid-0 e-grid-align-center elementor-widget elementor-widget-social-icons\" data-id=\"816c1c1\" data-element_type=\"widget\" data-widget_type=\"social-icons.default\">\n\t\t\t\t<div class=\"elementor-widget-container\">\n\t\t\t\t\t<div class=\"elementor-social-icons-wrapper elementor-grid\">\n\t\t\t\t\t\t\t<span class=\"elementor-grid-item\">\n\t\t\t\t\t<a class=\"elementor-icon elementor-social-icon elementor-social-icon-soundcloud elementor-repeater-item-0ba0d63\" href=\"https:\/\/soundcloud.com\/losjardines-de-bruselas\" target=\"_blank\">\n\t\t\t\t\t\t<span class=\"elementor-screen-only\">Soundcloud<\/span>\n\t\t\t\t\t\t<i class=\"fab fa-soundcloud\"><\/i>\t\t\t\t\t<\/a>\n\t\t\t\t<\/span>\n\t\t\t\t\t\t\t<span class=\"elementor-grid-item\">\n\t\t\t\t\t<a class=\"elementor-icon elementor-social-icon elementor-social-icon-instagram elementor-repeater-item-0089c83\" href=\"https:\/\/www.instagram.com\/losjardinesdebruselas\/\" target=\"_blank\">\n\t\t\t\t\t\t<span class=\"elementor-screen-only\">Instagram<\/span>\n\t\t\t\t\t\t<i class=\"fab fa-instagram\"><\/i>\t\t\t\t\t<\/a>\n\t\t\t\t<\/span>\n\t\t\t\t\t<\/div>\n\t\t\t\t<\/div>\n\t\t\t\t<\/div>\n\t\t\t\t<div class=\"elementor-element elementor-element-e703f4a elementor-widget elementor-widget-text-editor\" data-id=\"e703f4a\" data-element_type=\"widget\" data-widget_type=\"text-editor.default\">\n\t\t\t\t<div class=\"elementor-widget-container\">\n\t\t\t\t\t\t\t<p style=\"text-align: center;\">Melod\u00edas psych-pop limpias que burbujean, se hacen y deshacen de maneras inesperadas y exquisitas\u201d. As\u00ed es como un popular blog estadounidense defini\u00f3 alguna vez a Los Jardines De Bruselas, el proyecto solista de Ezequiel de la Parra. El multi-instrumentista y productor argentino se inspira en sue\u00f1os para crear su m\u00fasica y graba todas las canciones desde la intimidad de su habitaci\u00f3n. El resultado son paisajes sonoros exuberantes y brillantes que se entremezclan con profundas letras plagadas de met\u00e1foras.<\/p>\t\t\t\t\t\t<\/div>\n\t\t\t\t<\/div>\n\t\t\t\t<div class=\"elementor-element elementor-element-eff0761 elementor-align-center elementor-widget elementor-widget-button\" data-id=\"eff0761\" data-element_type=\"widget\" data-widget_type=\"button.default\">\n\t\t\t\t<div class=\"elementor-widget-container\">\n\t\t\t\t\t<div class=\"elementor-button-wrapper\">\n\t\t\t<a class=\"elementor-button elementor-button-link elementor-size-md\" href=\"https:\/\/soundearthlegacy.org\/black-coral-symphony\/\">\n\t\t\t\t\t\t<span class=\"elementor-button-content-wrapper\">\n\t\t\t\t\t\t\t\t\t<span class=\"elementor-button-text\">SEE SUPPORTED PROJECT<\/span>\n\t\t\t\t\t<\/span>\n\t\t\t\t\t<\/a>\n\t\t<\/div>\n\t\t\t\t<\/div>\n\t\t\t\t<\/div>\n\t\t\t\t\t<\/div>\n\t\t<\/div>\n\t\t\t\t<div class=\"elementor-column elementor-col-50 elementor-top-column elementor-element elementor-element-c437f77\" data-id=\"c437f77\" data-element_type=\"column\">\n\t\t\t<div class=\"elementor-widget-wrap elementor-element-populated\">\n\t\t\t\t\t\t<div class=\"elementor-element elementor-element-a63ccd5 elementor-widget elementor-widget-text-editor\" data-id=\"a63ccd5\" data-element_type=\"widget\" data-widget_type=\"text-editor.default\">\n\t\t\t\t<div class=\"elementor-widget-container\">\n\t\t\t\t\t\t\t<p>Sus primeros dos \u00e1lbumes, Floating in Dreams (2011) y Light and Glow (2012) fueron concebidos de manera bien casera y grabados \u00edntegramente en Garageband. Este segundo cont\u00f3 con una larga lista de colaboradoras, incluyendo a Paul Gold, quien trabaj\u00f3 con grupos como Animal Collective, Grizzly Bear y Sufjan Stevens. Ambos trabajos tuvieron muy buena recibida en medios como MTV, Rolling Stone, REMEZCLA, Club Fonograma, YVYNYL, BIRP y Panamerika, entre otros.<\/p><p>Despu\u00e9s de un hiatus de algunos a\u00f1os, en los que Ezequiel se dedic\u00f3 a su otro proyecto musical Whitney Winston, Los Jardines de Bruselas retorn\u00f3 a fines de 2018 con el lanzamiento de Formas, single que a d\u00eda de hoy acumula m\u00e1s de 120 mil reproducciones en Spotify. Entre el a\u00f1o pasado y este, Los Jardines public\u00f3 4 nuevos singles y \u2018Autorretrato en Blanco\u2019 es el m\u00e1s reciente, lanzado en enero.<\/p><p>De momento, Ezequiel est\u00e1 trabajando en lo que ser\u00e1 su tercer \u00e1lbum, que saldr\u00e1 a principios de 2022 y estar\u00e1 muy influenciado por el dream-pop, lo-fi y jazz.<\/p>\t\t\t\t\t\t<\/div>\n\t\t\t\t<\/div>\n\t\t\t\t\t<\/div>\n\t\t<\/div>\n\t\t\t\t\t<\/div>\n\t\t<\/section>\n\t\t\t\t<section class=\"elementor-section elementor-top-section elementor-element elementor-element-e046429 elementor-section-boxed elementor-section-height-default elementor-section-height-default\" data-id=\"e046429\" data-element_type=\"section\">\n\t\t\t\t\t\t<div class=\"elementor-container elementor-column-gap-default\">\n\t\t\t\t\t<div class=\"elementor-column elementor-col-100 elementor-top-column elementor-element elementor-element-9019975\" data-id=\"9019975\" data-element_type=\"column\">\n\t\t\t<div class=\"elementor-widget-wrap elementor-element-populated\">\n\t\t\t\t\t\t<div class=\"elementor-element elementor-element-206d81a elementor-widget elementor-widget-spacer\" data-id=\"206d81a\" data-element_type=\"widget\" data-widget_type=\"spacer.default\">\n\t\t\t\t<div class=\"elementor-widget-container\">\n\t\t\t\t\t<div class=\"elementor-spacer\">\n\t\t\t<div class=\"elementor-spacer-inner\"><\/div>\n\t\t<\/div>\n\t\t\t\t<\/div>\n\t\t\t\t<\/div>\n\t\t\t\t<div class=\"elementor-element elementor-element-bb387b6 elementor-align-center elementor-widget elementor-widget-button\" data-id=\"bb387b6\" data-element_type=\"widget\" data-widget_type=\"button.default\">\n\t\t\t\t<div class=\"elementor-widget-container\">\n\t\t\t\t\t<div class=\"elementor-button-wrapper\">\n\t\t\t<a class=\"elementor-button elementor-button-link elementor-size-md\" href=\"\/all-planetary-artists\">\n\t\t\t\t\t\t<span class=\"elementor-button-content-wrapper\">\n\t\t\t\t\t\t\t\t\t<span class=\"elementor-button-text\">ESCUCHA M\u00c1S PLANETARY ARTISTS<\/span>\n\t\t\t\t\t<\/span>\n\t\t\t\t\t<\/a>\n\t\t<\/div>\n\t\t\t\t<\/div>\n\t\t\t\t<\/div>\n\t\t\t\t<div class=\"elementor-element elementor-element-5ffb48f elementor-widget elementor-widget-spacer\" data-id=\"5ffb48f\" data-element_type=\"widget\" data-widget_type=\"spacer.default\">\n\t\t\t\t<div class=\"elementor-widget-container\">\n\t\t\t\t\t<div class=\"elementor-spacer\">\n\t\t\t<div class=\"elementor-spacer-inner\"><\/div>\n\t\t<\/div>\n\t\t\t\t<\/div>\n\t\t\t\t<\/div>\n\t\t\t\t\t<\/div>\n\t\t<\/div>\n\t\t\t\t\t<\/div>\n\t\t<\/section>\n\t\t\t\t<\/div>\n\t\t","protected":false},"excerpt":{"rendered":"<p>LOS JARDINES DE BRUSELAS \u00abLos sonidos de la naturaleza siempre inspiraron mi m\u00fasica. Pero si hay un sonido que realmente me inspir\u00f3, ese es el sonido del agua. (&#8230;) Siento que los sonidos de la naturaleza me ayudan a dar un contexto agradable a mi m\u00fasica y ayudan al oyente a viajar mejor al lugar [&hellip;]<\/p>\n","protected":false},"author":5,"featured_media":5917,"parent":0,"menu_order":0,"comment_status":"closed","ping_status":"closed","template":"","meta":{"inline_featured_image":false,"footnotes":""},"class_list":["post-6001","page","type-page","status-publish","has-post-thumbnail","hentry"],"yoast_head":"<!-- This site is optimized with the Yoast SEO plugin v24.1 - https:\/\/yoast.com\/wordpress\/plugins\/seo\/ -->\n<title>LOS JARDINES DE BRUSELAS - Sound Earth Legacy<\/title>\n<meta name=\"robots\" content=\"index, follow, max-snippet:-1, max-image-preview:large, max-video-preview:-1\" \/>\n<link rel=\"canonical\" href=\"https:\/\/soundearthlegacy.org\/es\/los-jardines-de-bruselas\/\" \/>\n<meta property=\"og:locale\" content=\"es_ES\" \/>\n<meta property=\"og:type\" content=\"article\" \/>\n<meta property=\"og:title\" content=\"LOS JARDINES DE BRUSELAS - Sound Earth Legacy\" \/>\n<meta property=\"og:description\" content=\"LOS JARDINES DE BRUSELAS \u00abLos sonidos de la naturaleza siempre inspiraron mi m\u00fasica. Pero si hay un sonido que realmente me inspir\u00f3, ese es el sonido del agua. (&#8230;) Siento que los sonidos de la naturaleza me ayudan a dar un contexto agradable a mi m\u00fasica y ayudan al oyente a viajar mejor al lugar [&hellip;]\" \/>\n<meta property=\"og:url\" content=\"https:\/\/soundearthlegacy.org\/es\/los-jardines-de-bruselas\/\" \/>\n<meta property=\"og:site_name\" content=\"Sound Earth Legacy\" \/>\n<meta property=\"article:publisher\" content=\"https:\/\/www.facebook.com\/SELSoundEarthLegacy\" \/>\n<meta property=\"article:modified_time\" content=\"2021-10-15T16:48:02+00:00\" \/>\n<meta property=\"og:image\" content=\"https:\/\/soundearthlegacy.org\/wp-content\/uploads\/2021\/10\/jardines10.jpg\" \/>\n\t<meta property=\"og:image:width\" content=\"1014\" \/>\n\t<meta property=\"og:image:height\" content=\"670\" \/>\n\t<meta property=\"og:image:type\" content=\"image\/jpeg\" \/>\n<meta name=\"twitter:card\" content=\"summary_large_image\" \/>\n<meta name=\"twitter:label1\" content=\"Tiempo de lectura\" \/>\n\t<meta name=\"twitter:data1\" content=\"2 minutos\" \/>\n<script type=\"application\/ld+json\" class=\"yoast-schema-graph\">{\"@context\":\"https:\/\/schema.org\",\"@graph\":[{\"@type\":\"WebPage\",\"@id\":\"https:\/\/soundearthlegacy.org\/es\/los-jardines-de-bruselas\/\",\"url\":\"https:\/\/soundearthlegacy.org\/es\/los-jardines-de-bruselas\/\",\"name\":\"LOS JARDINES DE BRUSELAS - Sound Earth Legacy\",\"isPartOf\":{\"@id\":\"https:\/\/soundearthlegacy.org\/es\/#website\"},\"primaryImageOfPage\":{\"@id\":\"https:\/\/soundearthlegacy.org\/es\/los-jardines-de-bruselas\/#primaryimage\"},\"image\":{\"@id\":\"https:\/\/soundearthlegacy.org\/es\/los-jardines-de-bruselas\/#primaryimage\"},\"thumbnailUrl\":\"https:\/\/soundearthlegacy.org\/wp-content\/uploads\/2021\/10\/jardines10.jpg\",\"datePublished\":\"2021-10-15T16:43:55+00:00\",\"dateModified\":\"2021-10-15T16:48:02+00:00\",\"breadcrumb\":{\"@id\":\"https:\/\/soundearthlegacy.org\/es\/los-jardines-de-bruselas\/#breadcrumb\"},\"inLanguage\":\"es\",\"potentialAction\":[{\"@type\":\"ReadAction\",\"target\":[\"https:\/\/soundearthlegacy.org\/es\/los-jardines-de-bruselas\/\"]}]},{\"@type\":\"ImageObject\",\"inLanguage\":\"es\",\"@id\":\"https:\/\/soundearthlegacy.org\/es\/los-jardines-de-bruselas\/#primaryimage\",\"url\":\"https:\/\/soundearthlegacy.org\/wp-content\/uploads\/2021\/10\/jardines10.jpg\",\"contentUrl\":\"https:\/\/soundearthlegacy.org\/wp-content\/uploads\/2021\/10\/jardines10.jpg\",\"width\":1014,\"height\":670},{\"@type\":\"BreadcrumbList\",\"@id\":\"https:\/\/soundearthlegacy.org\/es\/los-jardines-de-bruselas\/#breadcrumb\",\"itemListElement\":[{\"@type\":\"ListItem\",\"position\":1,\"name\":\"Home\",\"item\":\"https:\/\/soundearthlegacy.org\/es\/\"},{\"@type\":\"ListItem\",\"position\":2,\"name\":\"LOS JARDINES DE BRUSELAS\"}]},{\"@type\":\"WebSite\",\"@id\":\"https:\/\/soundearthlegacy.org\/es\/#website\",\"url\":\"https:\/\/soundearthlegacy.org\/es\/\",\"name\":\"Sound Earth Legacy\",\"description\":\"Non-Profit Organization\",\"publisher\":{\"@id\":\"https:\/\/soundearthlegacy.org\/es\/#organization\"},\"potentialAction\":[{\"@type\":\"SearchAction\",\"target\":{\"@type\":\"EntryPoint\",\"urlTemplate\":\"https:\/\/soundearthlegacy.org\/es\/?s={search_term_string}\"},\"query-input\":{\"@type\":\"PropertyValueSpecification\",\"valueRequired\":true,\"valueName\":\"search_term_string\"}}],\"inLanguage\":\"es\"},{\"@type\":\"Organization\",\"@id\":\"https:\/\/soundearthlegacy.org\/es\/#organization\",\"name\":\"Sound Earth Legacy\",\"url\":\"https:\/\/soundearthlegacy.org\/es\/\",\"logo\":{\"@type\":\"ImageObject\",\"inLanguage\":\"es\",\"@id\":\"https:\/\/soundearthlegacy.org\/es\/#\/schema\/logo\/image\/\",\"url\":\"https:\/\/soundearthlegacy.org\/wp-content\/uploads\/2021\/05\/home-sel-logo-2.jpg\",\"contentUrl\":\"https:\/\/soundearthlegacy.org\/wp-content\/uploads\/2021\/05\/home-sel-logo-2.jpg\",\"width\":1000,\"height\":722,\"caption\":\"Sound Earth Legacy\"},\"image\":{\"@id\":\"https:\/\/soundearthlegacy.org\/es\/#\/schema\/logo\/image\/\"},\"sameAs\":[\"https:\/\/www.facebook.com\/SELSoundEarthLegacy\",\"https:\/\/www.instagram.com\/soundearthlegacy\/\",\"https:\/\/www.linkedin.com\/company\/soundearthlegacy\/\"]}]}<\/script>\n<!-- \/ Yoast SEO plugin. -->","yoast_head_json":{"title":"LOS JARDINES DE BRUSELAS - Sound Earth Legacy","robots":{"index":"index","follow":"follow","max-snippet":"max-snippet:-1","max-image-preview":"max-image-preview:large","max-video-preview":"max-video-preview:-1"},"canonical":"https:\/\/soundearthlegacy.org\/es\/los-jardines-de-bruselas\/","og_locale":"es_ES","og_type":"article","og_title":"LOS JARDINES DE BRUSELAS - Sound Earth Legacy","og_description":"LOS JARDINES DE BRUSELAS \u00abLos sonidos de la naturaleza siempre inspiraron mi m\u00fasica. Pero si hay un sonido que realmente me inspir\u00f3, ese es el sonido del agua. (&#8230;) Siento que los sonidos de la naturaleza me ayudan a dar un contexto agradable a mi m\u00fasica y ayudan al oyente a viajar mejor al lugar [&hellip;]","og_url":"https:\/\/soundearthlegacy.org\/es\/los-jardines-de-bruselas\/","og_site_name":"Sound Earth Legacy","article_publisher":"https:\/\/www.facebook.com\/SELSoundEarthLegacy","article_modified_time":"2021-10-15T16:48:02+00:00","og_image":[{"width":1014,"height":670,"url":"https:\/\/soundearthlegacy.org\/wp-content\/uploads\/2021\/10\/jardines10.jpg","type":"image\/jpeg"}],"twitter_card":"summary_large_image","twitter_misc":{"Tiempo de lectura":"2 minutos"},"schema":{"@context":"https:\/\/schema.org","@graph":[{"@type":"WebPage","@id":"https:\/\/soundearthlegacy.org\/es\/los-jardines-de-bruselas\/","url":"https:\/\/soundearthlegacy.org\/es\/los-jardines-de-bruselas\/","name":"LOS JARDINES DE BRUSELAS - Sound Earth Legacy","isPartOf":{"@id":"https:\/\/soundearthlegacy.org\/es\/#website"},"primaryImageOfPage":{"@id":"https:\/\/soundearthlegacy.org\/es\/los-jardines-de-bruselas\/#primaryimage"},"image":{"@id":"https:\/\/soundearthlegacy.org\/es\/los-jardines-de-bruselas\/#primaryimage"},"thumbnailUrl":"https:\/\/soundearthlegacy.org\/wp-content\/uploads\/2021\/10\/jardines10.jpg","datePublished":"2021-10-15T16:43:55+00:00","dateModified":"2021-10-15T16:48:02+00:00","breadcrumb":{"@id":"https:\/\/soundearthlegacy.org\/es\/los-jardines-de-bruselas\/#breadcrumb"},"inLanguage":"es","potentialAction":[{"@type":"ReadAction","target":["https:\/\/soundearthlegacy.org\/es\/los-jardines-de-bruselas\/"]}]},{"@type":"ImageObject","inLanguage":"es","@id":"https:\/\/soundearthlegacy.org\/es\/los-jardines-de-bruselas\/#primaryimage","url":"https:\/\/soundearthlegacy.org\/wp-content\/uploads\/2021\/10\/jardines10.jpg","contentUrl":"https:\/\/soundearthlegacy.org\/wp-content\/uploads\/2021\/10\/jardines10.jpg","width":1014,"height":670},{"@type":"BreadcrumbList","@id":"https:\/\/soundearthlegacy.org\/es\/los-jardines-de-bruselas\/#breadcrumb","itemListElement":[{"@type":"ListItem","position":1,"name":"Home","item":"https:\/\/soundearthlegacy.org\/es\/"},{"@type":"ListItem","position":2,"name":"LOS JARDINES DE BRUSELAS"}]},{"@type":"WebSite","@id":"https:\/\/soundearthlegacy.org\/es\/#website","url":"https:\/\/soundearthlegacy.org\/es\/","name":"Sound Earth Legacy","description":"Non-Profit Organization","publisher":{"@id":"https:\/\/soundearthlegacy.org\/es\/#organization"},"potentialAction":[{"@type":"SearchAction","target":{"@type":"EntryPoint","urlTemplate":"https:\/\/soundearthlegacy.org\/es\/?s={search_term_string}"},"query-input":{"@type":"PropertyValueSpecification","valueRequired":true,"valueName":"search_term_string"}}],"inLanguage":"es"},{"@type":"Organization","@id":"https:\/\/soundearthlegacy.org\/es\/#organization","name":"Sound Earth Legacy","url":"https:\/\/soundearthlegacy.org\/es\/","logo":{"@type":"ImageObject","inLanguage":"es","@id":"https:\/\/soundearthlegacy.org\/es\/#\/schema\/logo\/image\/","url":"https:\/\/soundearthlegacy.org\/wp-content\/uploads\/2021\/05\/home-sel-logo-2.jpg","contentUrl":"https:\/\/soundearthlegacy.org\/wp-content\/uploads\/2021\/05\/home-sel-logo-2.jpg","width":1000,"height":722,"caption":"Sound Earth Legacy"},"image":{"@id":"https:\/\/soundearthlegacy.org\/es\/#\/schema\/logo\/image\/"},"sameAs":["https:\/\/www.facebook.com\/SELSoundEarthLegacy","https:\/\/www.instagram.com\/soundearthlegacy\/","https:\/\/www.linkedin.com\/company\/soundearthlegacy\/"]}]}},"_links":{"self":[{"href":"https:\/\/soundearthlegacy.org\/es\/wp-json\/wp\/v2\/pages\/6001","targetHints":{"allow":["GET"]}}],"collection":[{"href":"https:\/\/soundearthlegacy.org\/es\/wp-json\/wp\/v2\/pages"}],"about":[{"href":"https:\/\/soundearthlegacy.org\/es\/wp-json\/wp\/v2\/types\/page"}],"author":[{"embeddable":true,"href":"https:\/\/soundearthlegacy.org\/es\/wp-json\/wp\/v2\/users\/5"}],"replies":[{"embeddable":true,"href":"https:\/\/soundearthlegacy.org\/es\/wp-json\/wp\/v2\/comments?post=6001"}],"version-history":[{"count":3,"href":"https:\/\/soundearthlegacy.org\/es\/wp-json\/wp\/v2\/pages\/6001\/revisions"}],"predecessor-version":[{"id":6004,"href":"https:\/\/soundearthlegacy.org\/es\/wp-json\/wp\/v2\/pages\/6001\/revisions\/6004"}],"wp:featuredmedia":[{"embeddable":true,"href":"https:\/\/soundearthlegacy.org\/es\/wp-json\/wp\/v2\/media\/5917"}],"wp:attachment":[{"href":"https:\/\/soundearthlegacy.org\/es\/wp-json\/wp\/v2\/media?parent=6001"}],"curies":[{"name":"wp","href":"https:\/\/api.w.org\/{rel}","templated":true}]}}